{"id":1320,"date":"2026-02-17T10:38:29","date_gmt":"2026-02-17T09:38:29","guid":{"rendered":"https:\/\/helsedatadagen.no\/2026\/?post_type=speaker&#038;p=1320"},"modified":"2026-03-05T16:10:21","modified_gmt":"2026-03-05T15:10:21","slug":"mariann-hornnes","status":"publish","type":"speaker","link":"https:\/\/helsedatadagen.no\/2026\/speaker\/mariann-hornnes\/","title":{"rendered":"Mariann Hornnes"},"content":{"rendered":"\n<p>Mariann Hornnes er assisterende helsedirekt\u00f8r i Helsedirektoratet. Hun har en solid og relevant faglig bakgrunn og omfattende ledererfaring p\u00e5 toppniv\u00e5 innen ulike organisasjoner, b\u00e5de innenfor privat og offentlig sektor.<\/p>\n\n\n\n<p>Mariann har akkumulert nesten 30 \u00e5rs kompetanse innen strategisk utvikling av viktige omr\u00e5der som IKT og andre kritiske omr\u00e5der for ulike bransjer, inkludert IKT, telekommunikasjon, bilindustri, forsvarssektoren, luftfart og helse.<\/p>\n\n\n\n<p><a href=\"https:\/\/helsesikkerhetsdagen.no\/2026\/speaker\/mariann-hornnes\/\">Mariann Hornnes snakker ogs\u00e5 p\u00e5 Helsesikkerhetsdagen 2026 -><\/a><\/p>\n","protected":false},"excerpt":{"rendered":"<p>Mariann Hornnes er assisterende helsedirekt\u00f8r i Helsedirektoratet. Hun har en solid og relevant faglig bakgrunn og omfattende ledererfaring p\u00e5 toppniv\u00e5 innen ulike organisasjoner, b\u00e5de innenfor privat og offentlig sektor. Mariann har akkumulert nesten 30 \u00e5rs kompetanse innen strategisk utvikling av viktige omr\u00e5der som IKT og andre kritiske omr\u00e5der for ulike bransjer, inkludert IKT, telekommunikasjon, bilindustri,&hellip;<\/p>\n","protected":false},"featured_media":1323,"menu_order":0,"template":"","class_list":["post-1320","speaker","type-speaker","status-publish","has-post-thumbnail","hentry"],"acf":[],"_links":{"self":[{"href":"https:\/\/helsedatadagen.no\/2026\/wp-json\/wp\/v2\/speaker\/1320","targetHints":{"allow":["GET"]}}],"collection":[{"href":"https:\/\/helsedatadagen.no\/2026\/wp-json\/wp\/v2\/speaker"}],"about":[{"href":"https:\/\/helsedatadagen.no\/2026\/wp-json\/wp\/v2\/types\/speaker"}],"wp:featuredmedia":[{"embeddable":true,"href":"https:\/\/helsedatadagen.no\/2026\/wp-json\/wp\/v2\/media\/1323"}],"wp:attachment":[{"href":"https:\/\/helsedatadagen.no\/2026\/wp-json\/wp\/v2\/media?parent=1320"}],"curies":[{"name":"wp","href":"https:\/\/api.w.org\/{rel}","templated":true}]}}