{"id":962,"date":"2023-12-07T10:12:10","date_gmt":"2023-12-07T09:12:10","guid":{"rendered":"https:\/\/helsedatadagen.no\/2024\/?page_id=962"},"modified":"2026-03-05T10:05:50","modified_gmt":"2026-03-05T09:05:50","slug":"speakere","status":"publish","type":"page","link":"https:\/\/helsedatadagen.no\/2026\/speakere\/","title":{"rendered":"Speakere"},"content":{"rendered":"\n<h1>\n\t\t\t\u00c5rets speakere\t<\/h1>\n\t<p>M\u00f8t \u00e5rets speakere p\u00e5 Helsedatadagen! Obs: Denne dagen er lagt sammen med Helsesikkerhetsdagen, og noen av speakerne f\u00f8res i begge programmene fordi de er p\u00e5 felles sesjoner.<\/p>\n\t\t<a href=\"https:\/\/helsedatadagen.no\/2026\/speaker\/anne-karin-rime\/\" title=\"View Box Content\" target=\"_self\"  aria-label=\"Post Element\"><\/a>\t\t\n\t<meta itemscope itemprop=\"mainEntityOfPage\" itemtype=\"https:\/\/schema.org\/WebPage\" itemid=\"https:\/\/helsedatadagen.no\/2026\/speaker\/anne-karin-rime\/\" content=\"Anne-Karin Rime\" \/><meta itemprop=\"datePublished\" content=\"2026-02-20\" \/><meta itemprop=\"dateModified\" content=\"2026-02-25\" \/><meta itemprop=\"name\" content=\"Helsedatadagen 2026\"\/><meta itemprop=\"url\" content=\"https:\/\/helsedatadagen.no\/2026\/author\/christian\/\" \/><meta itemprop=\"name\" content=\"Christian Andersen\" \/><meta itemprop=\"url\" content=\"https:\/\/helsedatadagen.no\/2026\/wp-content\/uploads\/sites\/6\/2026\/02\/Anne-Karin-Rime-1-modified.png\" \/><meta itemprop=\"width\" content=\"490\" \/><meta itemprop=\"height\" content=\"490\" \/><meta itemprop=\"interactionType\" content=\"https:\/\/schema.org\/CommentAction\" \/><meta itemprop=\"userInteractionCount\" content=\"0\" \/>\n\t\t\t\t\t\t<a href='https:\/\/helsedatadagen.no\/2026\/speaker\/anne-karin-rime\/' title='Anne-Karin Rime'><img width=\"490\" height=\"490\" src=\"https:\/\/helsedatadagen.no\/2026\/wp-content\/uploads\/sites\/6\/2026\/02\/Anne-Karin-Rime-1-modified.png\" alt=\"\" itemprop=\"image\" decoding=\"async\" loading=\"lazy\" srcset=\"https:\/\/helsedatadagen.no\/2026\/wp-content\/uploads\/sites\/6\/2026\/02\/Anne-Karin-Rime-1-modified.png 490w, https:\/\/helsedatadagen.no\/2026\/wp-content\/uploads\/sites\/6\/2026\/02\/Anne-Karin-Rime-1-modified-300x300.png 300w, https:\/\/helsedatadagen.no\/2026\/wp-content\/uploads\/sites\/6\/2026\/02\/Anne-Karin-Rime-1-modified-150x150.png 150w\" sizes=\"auto, (max-width: 490px) 100vw, 490px\" \/><\/a>\n\t\t\t\t\t<h3><a href='https:\/\/helsedatadagen.no\/2026\/speaker\/anne-karin-rime\/' title='Anne-Karin Rime'>Anne-Karin Rime<\/a><\/h3>\n\t\t<a href=\"https:\/\/helsedatadagen.no\/2026\/speaker\/aslaug-helland\/\" title=\"View Box Content\" target=\"_self\"  aria-label=\"Post Element\"><\/a>\t\t\n\t<meta itemscope itemprop=\"mainEntityOfPage\" itemtype=\"https:\/\/schema.org\/WebPage\" itemid=\"https:\/\/helsedatadagen.no\/2026\/speaker\/aslaug-helland\/\" content=\"\u00c5slaug Helland\" \/><meta itemprop=\"datePublished\" content=\"2026-02-18\" \/><meta itemprop=\"dateModified\" content=\"2026-02-20\" \/><meta itemprop=\"name\" content=\"Helsedatadagen 2026\"\/><meta itemprop=\"url\" content=\"https:\/\/helsedatadagen.no\/2026\/author\/christian\/\" \/><meta itemprop=\"name\" content=\"Christian Andersen\" \/><meta itemprop=\"url\" content=\"https:\/\/helsedatadagen.no\/2026\/wp-content\/uploads\/sites\/6\/2026\/02\/Aslaug-Helland.png\" \/><meta itemprop=\"width\" content=\"1080\" \/><meta itemprop=\"height\" content=\"1080\" \/><meta itemprop=\"interactionType\" content=\"https:\/\/schema.org\/CommentAction\" \/><meta itemprop=\"userInteractionCount\" content=\"0\" \/>\n\t\t\t\t\t\t<a href='https:\/\/helsedatadagen.no\/2026\/speaker\/aslaug-helland\/' title='\u00c5slaug Helland'><img width=\"1024\" height=\"1024\" src=\"https:\/\/helsedatadagen.no\/2026\/wp-content\/uploads\/sites\/6\/2026\/02\/Aslaug-Helland-1024x1024.png\" alt=\"\" itemprop=\"image\" decoding=\"async\" loading=\"lazy\" srcset=\"https:\/\/helsedatadagen.no\/2026\/wp-content\/uploads\/sites\/6\/2026\/02\/Aslaug-Helland-1024x1024.png 1024w, https:\/\/helsedatadagen.no\/2026\/wp-content\/uploads\/sites\/6\/2026\/02\/Aslaug-Helland-300x300.png 300w, https:\/\/helsedatadagen.no\/2026\/wp-content\/uploads\/sites\/6\/2026\/02\/Aslaug-Helland-150x150.png 150w, https:\/\/helsedatadagen.no\/2026\/wp-content\/uploads\/sites\/6\/2026\/02\/Aslaug-Helland-768x768.png 768w, https:\/\/helsedatadagen.no\/2026\/wp-content\/uploads\/sites\/6\/2026\/02\/Aslaug-Helland-500x500.png 500w, https:\/\/helsedatadagen.no\/2026\/wp-content\/uploads\/sites\/6\/2026\/02\/Aslaug-Helland.png 1080w\" sizes=\"auto, (max-width: 1024px) 100vw, 1024px\" \/><\/a>\n\t\t\t\t\t<h3><a href='https:\/\/helsedatadagen.no\/2026\/speaker\/aslaug-helland\/' title='\u00c5slaug Helland'>\u00c5slaug Helland<\/a><\/h3>\n\t\t<a href=\"https:\/\/helsedatadagen.no\/2026\/speaker\/guri-rortveit\/\" title=\"View Box Content\" target=\"_self\"  aria-label=\"Post Element\"><\/a>\t\t\n\t<meta itemscope itemprop=\"mainEntityOfPage\" itemtype=\"https:\/\/schema.org\/WebPage\" itemid=\"https:\/\/helsedatadagen.no\/2026\/speaker\/guri-rortveit\/\" content=\"Guri R\u00f8rtveit\" \/><meta itemprop=\"datePublished\" content=\"2026-02-23\" \/><meta itemprop=\"dateModified\" content=\"2026-02-23\" \/><meta itemprop=\"name\" content=\"Helsedatadagen 2026\"\/><meta itemprop=\"url\" content=\"https:\/\/helsedatadagen.no\/2026\/author\/christian\/\" \/><meta itemprop=\"name\" content=\"Christian Andersen\" \/><meta itemprop=\"url\" content=\"https:\/\/helsedatadagen.no\/2026\/wp-content\/uploads\/sites\/6\/2026\/02\/Guri-Rortveit-circle.png\" \/><meta itemprop=\"width\" content=\"380\" \/><meta itemprop=\"height\" content=\"380\" \/><meta itemprop=\"interactionType\" content=\"https:\/\/schema.org\/CommentAction\" \/><meta itemprop=\"userInteractionCount\" content=\"0\" \/>\n\t\t\t\t\t\t<a href='https:\/\/helsedatadagen.no\/2026\/speaker\/guri-rortveit\/' title='Guri R\u00f8rtveit'><img width=\"380\" height=\"380\" src=\"https:\/\/helsedatadagen.no\/2026\/wp-content\/uploads\/sites\/6\/2026\/02\/Guri-Rortveit-circle.png\" alt=\"\" itemprop=\"image\" decoding=\"async\" loading=\"lazy\" srcset=\"https:\/\/helsedatadagen.no\/2026\/wp-content\/uploads\/sites\/6\/2026\/02\/Guri-Rortveit-circle.png 380w, https:\/\/helsedatadagen.no\/2026\/wp-content\/uploads\/sites\/6\/2026\/02\/Guri-Rortveit-circle-300x300.png 300w, https:\/\/helsedatadagen.no\/2026\/wp-content\/uploads\/sites\/6\/2026\/02\/Guri-Rortveit-circle-150x150.png 150w\" sizes=\"auto, (max-width: 380px) 100vw, 380px\" \/><\/a>\n\t\t\t\t\t<h3><a href='https:\/\/helsedatadagen.no\/2026\/speaker\/guri-rortveit\/' title='Guri R\u00f8rtveit'>Guri R\u00f8rtveit<\/a><\/h3>\n\t\t<a href=\"https:\/\/helsedatadagen.no\/2026\/speaker\/havard-kolle-riis\/\" title=\"View Box Content\" target=\"_self\"  aria-label=\"Post Element\"><\/a>\t\t\n\t<meta itemscope itemprop=\"mainEntityOfPage\" itemtype=\"https:\/\/schema.org\/WebPage\" itemid=\"https:\/\/helsedatadagen.no\/2026\/speaker\/havard-kolle-riis\/\" content=\"H\u00e5vard Kolle Riis\" \/><meta itemprop=\"datePublished\" content=\"2026-02-11\" \/><meta itemprop=\"dateModified\" content=\"2026-02-11\" \/><meta itemprop=\"name\" content=\"Helsedatadagen 2026\"\/><meta itemprop=\"url\" content=\"https:\/\/helsedatadagen.no\/2026\/author\/christian\/\" \/><meta itemprop=\"name\" content=\"Christian Andersen\" \/><meta itemprop=\"url\" content=\"https:\/\/helsedatadagen.no\/2026\/wp-content\/uploads\/sites\/6\/2026\/02\/Havard-Kolle-Riis-4-1.png\" \/><meta itemprop=\"width\" content=\"487\" \/><meta itemprop=\"height\" content=\"487\" \/><meta itemprop=\"interactionType\" content=\"https:\/\/schema.org\/CommentAction\" \/><meta itemprop=\"userInteractionCount\" content=\"0\" \/>\n\t\t\t\t\t\t<a href='https:\/\/helsedatadagen.no\/2026\/speaker\/havard-kolle-riis\/' title='H\u00e5vard Kolle Riis'><img width=\"487\" height=\"487\" src=\"https:\/\/helsedatadagen.no\/2026\/wp-content\/uploads\/sites\/6\/2026\/02\/Havard-Kolle-Riis-4-1.png\" alt=\"\" itemprop=\"image\" decoding=\"async\" loading=\"lazy\" srcset=\"https:\/\/helsedatadagen.no\/2026\/wp-content\/uploads\/sites\/6\/2026\/02\/Havard-Kolle-Riis-4-1.png 487w, https:\/\/helsedatadagen.no\/2026\/wp-content\/uploads\/sites\/6\/2026\/02\/Havard-Kolle-Riis-4-1-300x300.png 300w, https:\/\/helsedatadagen.no\/2026\/wp-content\/uploads\/sites\/6\/2026\/02\/Havard-Kolle-Riis-4-1-150x150.png 150w\" sizes=\"auto, (max-width: 487px) 100vw, 487px\" \/><\/a>\n\t\t\t\t\t<h3><a href='https:\/\/helsedatadagen.no\/2026\/speaker\/havard-kolle-riis\/' title='H\u00e5vard Kolle Riis'>H\u00e5vard Kolle Riis<\/a><\/h3>\n\t\t<a href=\"https:\/\/helsedatadagen.no\/2026\/speaker\/jan-christian-vestre\/\" title=\"View Box Content\" target=\"_self\"  aria-label=\"Post Element\"><\/a>\t\t\n\t<meta itemscope itemprop=\"mainEntityOfPage\" itemtype=\"https:\/\/schema.org\/WebPage\" itemid=\"https:\/\/helsedatadagen.no\/2026\/speaker\/jan-christian-vestre\/\" content=\"Jan Christian Vestre\" \/><meta itemprop=\"datePublished\" content=\"2026-02-23\" \/><meta itemprop=\"dateModified\" content=\"2026-03-05\" \/><meta itemprop=\"name\" content=\"Helsedatadagen 2026\"\/><meta itemprop=\"url\" content=\"https:\/\/helsedatadagen.no\/2026\/author\/morten\/\" \/><meta itemprop=\"name\" content=\"morten\" \/><meta itemprop=\"url\" content=\"https:\/\/helsedatadagen.no\/2026\/wp-content\/uploads\/sites\/6\/2026\/02\/Jan_Christian_Vestre-circle_smaller.png\" \/><meta itemprop=\"width\" content=\"1535\" \/><meta itemprop=\"height\" content=\"1535\" \/><meta itemprop=\"interactionType\" content=\"https:\/\/schema.org\/CommentAction\" \/><meta itemprop=\"userInteractionCount\" content=\"0\" \/>\n\t\t\t\t\t\t<a href='https:\/\/helsedatadagen.no\/2026\/speaker\/jan-christian-vestre\/' title='Jan Christian Vestre'><img width=\"1024\" height=\"1024\" src=\"https:\/\/helsedatadagen.no\/2026\/wp-content\/uploads\/sites\/6\/2026\/02\/Jan_Christian_Vestre-circle_smaller-1024x1024.png\" alt=\"\" itemprop=\"image\" decoding=\"async\" loading=\"lazy\" srcset=\"https:\/\/helsedatadagen.no\/2026\/wp-content\/uploads\/sites\/6\/2026\/02\/Jan_Christian_Vestre-circle_smaller-1024x1024.png 1024w, https:\/\/helsedatadagen.no\/2026\/wp-content\/uploads\/sites\/6\/2026\/02\/Jan_Christian_Vestre-circle_smaller-300x300.png 300w, https:\/\/helsedatadagen.no\/2026\/wp-content\/uploads\/sites\/6\/2026\/02\/Jan_Christian_Vestre-circle_smaller-150x150.png 150w, https:\/\/helsedatadagen.no\/2026\/wp-content\/uploads\/sites\/6\/2026\/02\/Jan_Christian_Vestre-circle_smaller-768x768.png 768w, https:\/\/helsedatadagen.no\/2026\/wp-content\/uploads\/sites\/6\/2026\/02\/Jan_Christian_Vestre-circle_smaller-500x500.png 500w, https:\/\/helsedatadagen.no\/2026\/wp-content\/uploads\/sites\/6\/2026\/02\/Jan_Christian_Vestre-circle_smaller.png 1535w\" sizes=\"auto, (max-width: 1024px) 100vw, 1024px\" \/><\/a>\n\t\t\t\t\t<h3><a href='https:\/\/helsedatadagen.no\/2026\/speaker\/jan-christian-vestre\/' title='Jan Christian Vestre'>Jan Christian Vestre<\/a><\/h3>\n\t\t\t\t\t\tHelse- og omsorgsminister\n\t\t<a href=\"https:\/\/helsedatadagen.no\/2026\/speaker\/jennifer-bartell\/\" title=\"View Box Content\" target=\"_self\"  aria-label=\"Post Element\"><\/a>\t\t\n\t<meta itemscope itemprop=\"mainEntityOfPage\" itemtype=\"https:\/\/schema.org\/WebPage\" itemid=\"https:\/\/helsedatadagen.no\/2026\/speaker\/jennifer-bartell\/\" content=\"Jennifer Bartell\" \/><meta itemprop=\"datePublished\" content=\"2026-02-20\" \/><meta itemprop=\"dateModified\" content=\"2026-02-20\" \/><meta itemprop=\"name\" content=\"Helsedatadagen 2026\"\/><meta itemprop=\"url\" content=\"https:\/\/helsedatadagen.no\/2026\/author\/christian\/\" \/><meta itemprop=\"name\" content=\"Christian Andersen\" \/><meta itemprop=\"url\" content=\"https:\/\/helsedatadagen.no\/2026\/wp-content\/uploads\/sites\/6\/2026\/02\/JEB_photo_circle.png\" \/><meta itemprop=\"width\" content=\"1535\" \/><meta itemprop=\"height\" content=\"1535\" \/><meta itemprop=\"interactionType\" content=\"https:\/\/schema.org\/CommentAction\" \/><meta itemprop=\"userInteractionCount\" content=\"0\" \/>\n\t\t\t\t\t\t<a href='https:\/\/helsedatadagen.no\/2026\/speaker\/jennifer-bartell\/' title='Jennifer Bartell'><img width=\"1024\" height=\"1024\" src=\"https:\/\/helsedatadagen.no\/2026\/wp-content\/uploads\/sites\/6\/2026\/02\/JEB_photo_circle-1024x1024.png\" alt=\"\" itemprop=\"image\" decoding=\"async\" loading=\"lazy\" srcset=\"https:\/\/helsedatadagen.no\/2026\/wp-content\/uploads\/sites\/6\/2026\/02\/JEB_photo_circle-1024x1024.png 1024w, https:\/\/helsedatadagen.no\/2026\/wp-content\/uploads\/sites\/6\/2026\/02\/JEB_photo_circle-300x300.png 300w, https:\/\/helsedatadagen.no\/2026\/wp-content\/uploads\/sites\/6\/2026\/02\/JEB_photo_circle-150x150.png 150w, https:\/\/helsedatadagen.no\/2026\/wp-content\/uploads\/sites\/6\/2026\/02\/JEB_photo_circle-768x768.png 768w, https:\/\/helsedatadagen.no\/2026\/wp-content\/uploads\/sites\/6\/2026\/02\/JEB_photo_circle-500x500.png 500w, https:\/\/helsedatadagen.no\/2026\/wp-content\/uploads\/sites\/6\/2026\/02\/JEB_photo_circle.png 1535w\" sizes=\"auto, (max-width: 1024px) 100vw, 1024px\" \/><\/a>\n\t\t\t\t\t<h3><a href='https:\/\/helsedatadagen.no\/2026\/speaker\/jennifer-bartell\/' title='Jennifer Bartell'>Jennifer Bartell<\/a><\/h3>\n\t\t<a href=\"https:\/\/helsedatadagen.no\/2026\/speaker\/jesper-ravn\/\" title=\"View Box Content\" target=\"_self\"  aria-label=\"Post Element\"><\/a>\t\t\n\t<meta itemscope itemprop=\"mainEntityOfPage\" itemtype=\"https:\/\/schema.org\/WebPage\" itemid=\"https:\/\/helsedatadagen.no\/2026\/speaker\/jesper-ravn\/\" content=\"Jesper Ravn\" \/><meta itemprop=\"datePublished\" content=\"2026-02-26\" \/><meta itemprop=\"dateModified\" content=\"2026-03-03\" \/><meta itemprop=\"name\" content=\"Helsedatadagen 2026\"\/><meta itemprop=\"url\" content=\"https:\/\/helsedatadagen.no\/2026\/author\/christian\/\" \/><meta itemprop=\"name\" content=\"Christian Andersen\" \/><meta itemprop=\"url\" content=\"https:\/\/helsedatadagen.no\/2026\/wp-content\/uploads\/sites\/6\/2026\/02\/Jesper-Ravn.png\" \/><meta itemprop=\"width\" content=\"512\" \/><meta itemprop=\"height\" content=\"512\" \/><meta itemprop=\"interactionType\" content=\"https:\/\/schema.org\/CommentAction\" \/><meta itemprop=\"userInteractionCount\" content=\"0\" \/>\n\t\t\t\t\t\t<a href='https:\/\/helsedatadagen.no\/2026\/speaker\/jesper-ravn\/' title='Jesper Ravn'><img width=\"512\" height=\"512\" src=\"https:\/\/helsedatadagen.no\/2026\/wp-content\/uploads\/sites\/6\/2026\/02\/Jesper-Ravn.png\" alt=\"\" itemprop=\"image\" decoding=\"async\" loading=\"lazy\" srcset=\"https:\/\/helsedatadagen.no\/2026\/wp-content\/uploads\/sites\/6\/2026\/02\/Jesper-Ravn.png 512w, https:\/\/helsedatadagen.no\/2026\/wp-content\/uploads\/sites\/6\/2026\/02\/Jesper-Ravn-300x300.png 300w, https:\/\/helsedatadagen.no\/2026\/wp-content\/uploads\/sites\/6\/2026\/02\/Jesper-Ravn-150x150.png 150w, https:\/\/helsedatadagen.no\/2026\/wp-content\/uploads\/sites\/6\/2026\/02\/Jesper-Ravn-500x500.png 500w\" sizes=\"auto, (max-width: 512px) 100vw, 512px\" \/><\/a>\n\t\t\t\t\t<h3><a href='https:\/\/helsedatadagen.no\/2026\/speaker\/jesper-ravn\/' title='Jesper Ravn'>Jesper Ravn<\/a><\/h3>\n\t\t<a href=\"https:\/\/helsedatadagen.no\/2026\/speaker\/mikael-rinnetmaki\/\" title=\"View Box Content\" target=\"_self\"  aria-label=\"Post Element\"><\/a>\t\t\n\t<meta itemscope itemprop=\"mainEntityOfPage\" itemtype=\"https:\/\/schema.org\/WebPage\" itemid=\"https:\/\/helsedatadagen.no\/2026\/speaker\/mikael-rinnetmaki\/\" content=\"Mikael Rinnetm\u00e4ki\" \/><meta itemprop=\"datePublished\" content=\"2026-02-17\" \/><meta itemprop=\"dateModified\" content=\"2026-02-17\" \/><meta itemprop=\"name\" content=\"Helsedatadagen 2026\"\/><meta itemprop=\"url\" content=\"https:\/\/helsedatadagen.no\/2026\/author\/christian\/\" \/><meta itemprop=\"name\" content=\"Christian Andersen\" \/><meta itemprop=\"url\" content=\"https:\/\/helsedatadagen.no\/2026\/wp-content\/uploads\/sites\/6\/2026\/02\/Mikael-Rinnetmaki-circle.png\" \/><meta itemprop=\"width\" content=\"1970\" \/><meta itemprop=\"height\" content=\"1970\" \/><meta itemprop=\"interactionType\" content=\"https:\/\/schema.org\/CommentAction\" \/><meta itemprop=\"userInteractionCount\" content=\"0\" \/>\n\t\t\t\t\t\t<a href='https:\/\/helsedatadagen.no\/2026\/speaker\/mikael-rinnetmaki\/' title='Mikael Rinnetm\u00e4ki'><img width=\"1024\" height=\"1024\" src=\"https:\/\/helsedatadagen.no\/2026\/wp-content\/uploads\/sites\/6\/2026\/02\/Mikael-Rinnetmaki-circle-1024x1024.png\" alt=\"\" itemprop=\"image\" decoding=\"async\" loading=\"lazy\" srcset=\"https:\/\/helsedatadagen.no\/2026\/wp-content\/uploads\/sites\/6\/2026\/02\/Mikael-Rinnetmaki-circle-1024x1024.png 1024w, https:\/\/helsedatadagen.no\/2026\/wp-content\/uploads\/sites\/6\/2026\/02\/Mikael-Rinnetmaki-circle-300x300.png 300w, https:\/\/helsedatadagen.no\/2026\/wp-content\/uploads\/sites\/6\/2026\/02\/Mikael-Rinnetmaki-circle-150x150.png 150w, https:\/\/helsedatadagen.no\/2026\/wp-content\/uploads\/sites\/6\/2026\/02\/Mikael-Rinnetmaki-circle-768x768.png 768w, https:\/\/helsedatadagen.no\/2026\/wp-content\/uploads\/sites\/6\/2026\/02\/Mikael-Rinnetmaki-circle-1536x1536.png 1536w, https:\/\/helsedatadagen.no\/2026\/wp-content\/uploads\/sites\/6\/2026\/02\/Mikael-Rinnetmaki-circle-500x500.png 500w, https:\/\/helsedatadagen.no\/2026\/wp-content\/uploads\/sites\/6\/2026\/02\/Mikael-Rinnetmaki-circle.png 1970w\" sizes=\"auto, (max-width: 1024px) 100vw, 1024px\" \/><\/a>\n\t\t\t\t\t<h3><a href='https:\/\/helsedatadagen.no\/2026\/speaker\/mikael-rinnetmaki\/' title='Mikael Rinnetm\u00e4ki'>Mikael Rinnetm\u00e4ki<\/a><\/h3>\n\t\t<a href=\"https:\/\/helsedatadagen.no\/2026\/speaker\/nis-johannsen\/\" title=\"View Box Content\" target=\"_self\"  aria-label=\"Post Element\"><\/a>\t\t\n\t<meta itemscope itemprop=\"mainEntityOfPage\" itemtype=\"https:\/\/schema.org\/WebPage\" itemid=\"https:\/\/helsedatadagen.no\/2026\/speaker\/nis-johannsen\/\" content=\"Nis Johannsen\" \/><meta itemprop=\"datePublished\" content=\"2026-02-18\" \/><meta itemprop=\"dateModified\" content=\"2026-02-18\" \/><meta itemprop=\"name\" content=\"Helsedatadagen 2026\"\/><meta itemprop=\"url\" content=\"https:\/\/helsedatadagen.no\/2026\/author\/christian\/\" \/><meta itemprop=\"name\" content=\"Christian Andersen\" \/><meta itemprop=\"url\" content=\"https:\/\/helsedatadagen.no\/2026\/wp-content\/uploads\/sites\/6\/2026\/02\/Nis-Johannsen-circle.png\" \/><meta itemprop=\"width\" content=\"800\" \/><meta itemprop=\"height\" content=\"800\" \/><meta itemprop=\"interactionType\" content=\"https:\/\/schema.org\/CommentAction\" \/><meta itemprop=\"userInteractionCount\" content=\"0\" \/>\n\t\t\t\t\t\t<a href='https:\/\/helsedatadagen.no\/2026\/speaker\/nis-johannsen\/' title='Nis Johannsen'><img width=\"800\" height=\"800\" src=\"https:\/\/helsedatadagen.no\/2026\/wp-content\/uploads\/sites\/6\/2026\/02\/Nis-Johannsen-circle.png\" alt=\"\" itemprop=\"image\" decoding=\"async\" loading=\"lazy\" srcset=\"https:\/\/helsedatadagen.no\/2026\/wp-content\/uploads\/sites\/6\/2026\/02\/Nis-Johannsen-circle.png 800w, https:\/\/helsedatadagen.no\/2026\/wp-content\/uploads\/sites\/6\/2026\/02\/Nis-Johannsen-circle-300x300.png 300w, https:\/\/helsedatadagen.no\/2026\/wp-content\/uploads\/sites\/6\/2026\/02\/Nis-Johannsen-circle-150x150.png 150w, https:\/\/helsedatadagen.no\/2026\/wp-content\/uploads\/sites\/6\/2026\/02\/Nis-Johannsen-circle-768x768.png 768w, https:\/\/helsedatadagen.no\/2026\/wp-content\/uploads\/sites\/6\/2026\/02\/Nis-Johannsen-circle-500x500.png 500w\" sizes=\"auto, (max-width: 800px) 100vw, 800px\" \/><\/a>\n\t\t\t\t\t<h3><a href='https:\/\/helsedatadagen.no\/2026\/speaker\/nis-johannsen\/' title='Nis Johannsen'>Nis Johannsen<\/a><\/h3>\n\t\t<a href=\"https:\/\/helsedatadagen.no\/2026\/speaker\/oddgeir-lingaas-holmen\/\" title=\"View Box Content\" target=\"_self\"  aria-label=\"Post Element\"><\/a>\t\t\n\t<meta itemscope itemprop=\"mainEntityOfPage\" itemtype=\"https:\/\/schema.org\/WebPage\" itemid=\"https:\/\/helsedatadagen.no\/2026\/speaker\/oddgeir-lingaas-holmen\/\" content=\"Oddgeir Lingaas Holmen\" \/><meta itemprop=\"datePublished\" content=\"2026-02-17\" \/><meta itemprop=\"dateModified\" content=\"2026-03-04\" \/><meta itemprop=\"name\" content=\"Helsedatadagen 2026\"\/><meta itemprop=\"url\" content=\"https:\/\/helsedatadagen.no\/2026\/author\/christian\/\" \/><meta itemprop=\"name\" content=\"Christian Andersen\" \/><meta itemprop=\"url\" content=\"https:\/\/helsedatadagen.no\/2026\/wp-content\/uploads\/sites\/6\/2026\/02\/Oddgeir-Lingaas-Holmen-circle.png\" \/><meta itemprop=\"width\" content=\"492\" \/><meta itemprop=\"height\" content=\"492\" \/><meta itemprop=\"interactionType\" content=\"https:\/\/schema.org\/CommentAction\" \/><meta itemprop=\"userInteractionCount\" content=\"0\" \/>\n\t\t\t\t\t\t<a href='https:\/\/helsedatadagen.no\/2026\/speaker\/oddgeir-lingaas-holmen\/' title='Oddgeir Lingaas Holmen'><img width=\"492\" height=\"492\" src=\"https:\/\/helsedatadagen.no\/2026\/wp-content\/uploads\/sites\/6\/2026\/02\/Oddgeir-Lingaas-Holmen-circle.png\" alt=\"\" itemprop=\"image\" decoding=\"async\" loading=\"lazy\" srcset=\"https:\/\/helsedatadagen.no\/2026\/wp-content\/uploads\/sites\/6\/2026\/02\/Oddgeir-Lingaas-Holmen-circle.png 492w, https:\/\/helsedatadagen.no\/2026\/wp-content\/uploads\/sites\/6\/2026\/02\/Oddgeir-Lingaas-Holmen-circle-300x300.png 300w, https:\/\/helsedatadagen.no\/2026\/wp-content\/uploads\/sites\/6\/2026\/02\/Oddgeir-Lingaas-Holmen-circle-150x150.png 150w\" sizes=\"auto, (max-width: 492px) 100vw, 492px\" \/><\/a>\n\t\t\t\t\t<h3><a href='https:\/\/helsedatadagen.no\/2026\/speaker\/oddgeir-lingaas-holmen\/' title='Oddgeir Lingaas Holmen'>Oddgeir Lingaas Holmen<\/a><\/h3>\n\t\t<a href=\"https:\/\/helsedatadagen.no\/2026\/speaker\/sushma-nagaraja-grellscheid\/\" title=\"View Box Content\" target=\"_self\"  aria-label=\"Post Element\"><\/a>\t\t\n\t<meta itemscope itemprop=\"mainEntityOfPage\" itemtype=\"https:\/\/schema.org\/WebPage\" itemid=\"https:\/\/helsedatadagen.no\/2026\/speaker\/sushma-nagaraja-grellscheid\/\" content=\"Sushma Nagaraja Grellscheid\" \/><meta itemprop=\"datePublished\" content=\"2026-02-13\" \/><meta itemprop=\"dateModified\" content=\"2026-02-13\" \/><meta itemprop=\"name\" content=\"Helsedatadagen 2026\"\/><meta itemprop=\"url\" content=\"https:\/\/helsedatadagen.no\/2026\/author\/christian\/\" \/><meta itemprop=\"name\" content=\"Christian Andersen\" \/><meta itemprop=\"url\" content=\"https:\/\/helsedatadagen.no\/2026\/wp-content\/uploads\/sites\/6\/2026\/02\/Sushma-Nagaraja-Grellscheid-circle.png\" \/><meta itemprop=\"width\" content=\"420\" \/><meta itemprop=\"height\" content=\"420\" \/><meta itemprop=\"interactionType\" content=\"https:\/\/schema.org\/CommentAction\" \/><meta itemprop=\"userInteractionCount\" content=\"0\" \/>\n\t\t\t\t\t\t<a href='https:\/\/helsedatadagen.no\/2026\/speaker\/sushma-nagaraja-grellscheid\/' title='Sushma Nagaraja Grellscheid'><img width=\"420\" height=\"420\" src=\"https:\/\/helsedatadagen.no\/2026\/wp-content\/uploads\/sites\/6\/2026\/02\/Sushma-Nagaraja-Grellscheid-circle.png\" alt=\"\" itemprop=\"image\" decoding=\"async\" loading=\"lazy\" srcset=\"https:\/\/helsedatadagen.no\/2026\/wp-content\/uploads\/sites\/6\/2026\/02\/Sushma-Nagaraja-Grellscheid-circle.png 420w, https:\/\/helsedatadagen.no\/2026\/wp-content\/uploads\/sites\/6\/2026\/02\/Sushma-Nagaraja-Grellscheid-circle-300x300.png 300w, https:\/\/helsedatadagen.no\/2026\/wp-content\/uploads\/sites\/6\/2026\/02\/Sushma-Nagaraja-Grellscheid-circle-150x150.png 150w\" sizes=\"auto, (max-width: 420px) 100vw, 420px\" \/><\/a>\n\t\t\t\t\t<h3><a href='https:\/\/helsedatadagen.no\/2026\/speaker\/sushma-nagaraja-grellscheid\/' title='Sushma Nagaraja Grellscheid'>Sushma Nagaraja Grellscheid<\/a><\/h3>\n\t\t<a href=\"https:\/\/helsedatadagen.no\/2026\/speaker\/torgeir-waterhouse\/\" title=\"View Box Content\" target=\"_self\"  aria-label=\"Post Element\"><\/a>\t\t\n\t<meta itemscope itemprop=\"mainEntityOfPage\" itemtype=\"https:\/\/schema.org\/WebPage\" itemid=\"https:\/\/helsedatadagen.no\/2026\/speaker\/torgeir-waterhouse\/\" content=\"Torgeir Waterhouse\" \/><meta itemprop=\"datePublished\" content=\"2026-02-17\" \/><meta itemprop=\"dateModified\" content=\"2026-02-17\" \/><meta itemprop=\"name\" content=\"Helsedatadagen 2026\"\/><meta itemprop=\"url\" content=\"https:\/\/helsedatadagen.no\/2026\/author\/christian\/\" \/><meta itemprop=\"name\" content=\"Christian Andersen\" \/><meta itemprop=\"url\" content=\"https:\/\/helsedatadagen.no\/2026\/wp-content\/uploads\/sites\/6\/2026\/02\/Torgeir-Waterhouse-modified.png\" \/><meta itemprop=\"width\" content=\"949\" \/><meta itemprop=\"height\" content=\"949\" \/><meta itemprop=\"interactionType\" content=\"https:\/\/schema.org\/CommentAction\" \/><meta itemprop=\"userInteractionCount\" content=\"0\" \/>\n\t\t\t\t\t\t<a href='https:\/\/helsedatadagen.no\/2026\/speaker\/torgeir-waterhouse\/' title='Torgeir Waterhouse'><img width=\"949\" height=\"949\" src=\"https:\/\/helsedatadagen.no\/2026\/wp-content\/uploads\/sites\/6\/2026\/02\/Torgeir-Waterhouse-modified.png\" alt=\"\" itemprop=\"image\" decoding=\"async\" loading=\"lazy\" srcset=\"https:\/\/helsedatadagen.no\/2026\/wp-content\/uploads\/sites\/6\/2026\/02\/Torgeir-Waterhouse-modified.png 949w, https:\/\/helsedatadagen.no\/2026\/wp-content\/uploads\/sites\/6\/2026\/02\/Torgeir-Waterhouse-modified-300x300.png 300w, https:\/\/helsedatadagen.no\/2026\/wp-content\/uploads\/sites\/6\/2026\/02\/Torgeir-Waterhouse-modified-150x150.png 150w, https:\/\/helsedatadagen.no\/2026\/wp-content\/uploads\/sites\/6\/2026\/02\/Torgeir-Waterhouse-modified-768x768.png 768w, https:\/\/helsedatadagen.no\/2026\/wp-content\/uploads\/sites\/6\/2026\/02\/Torgeir-Waterhouse-modified-500x500.png 500w\" sizes=\"auto, (max-width: 949px) 100vw, 949px\" \/><\/a>\n\t\t\t\t\t<h3><a href='https:\/\/helsedatadagen.no\/2026\/speaker\/torgeir-waterhouse\/' title='Torgeir Waterhouse'>Torgeir Waterhouse<\/a><\/h3>\n\t\t<a href=\"https:\/\/helsedatadagen.no\/2026\/speaker\/valeria-vitelli\/\" title=\"View Box Content\" target=\"_self\"  aria-label=\"Post Element\"><\/a>\t\t\n\t<meta itemscope itemprop=\"mainEntityOfPage\" itemtype=\"https:\/\/schema.org\/WebPage\" itemid=\"https:\/\/helsedatadagen.no\/2026\/speaker\/valeria-vitelli\/\" content=\"Valeria Vitelli\" \/><meta itemprop=\"datePublished\" content=\"2026-02-11\" \/><meta itemprop=\"dateModified\" content=\"2026-02-11\" \/><meta itemprop=\"name\" content=\"Helsedatadagen 2026\"\/><meta itemprop=\"url\" content=\"https:\/\/helsedatadagen.no\/2026\/author\/christian\/\" \/><meta itemprop=\"name\" content=\"Christian Andersen\" \/><meta itemprop=\"url\" content=\"https:\/\/helsedatadagen.no\/2026\/wp-content\/uploads\/sites\/6\/2026\/02\/Valeria-Vitelli-modified.png\" \/><meta itemprop=\"width\" content=\"961\" \/><meta itemprop=\"height\" content=\"961\" \/><meta itemprop=\"interactionType\" content=\"https:\/\/schema.org\/CommentAction\" \/><meta itemprop=\"userInteractionCount\" content=\"0\" \/>\n\t\t\t\t\t\t<a href='https:\/\/helsedatadagen.no\/2026\/speaker\/valeria-vitelli\/' title='Valeria Vitelli'><img width=\"961\" height=\"961\" src=\"https:\/\/helsedatadagen.no\/2026\/wp-content\/uploads\/sites\/6\/2026\/02\/Valeria-Vitelli-modified.png\" alt=\"\" itemprop=\"image\" decoding=\"async\" loading=\"lazy\" srcset=\"https:\/\/helsedatadagen.no\/2026\/wp-content\/uploads\/sites\/6\/2026\/02\/Valeria-Vitelli-modified.png 961w, https:\/\/helsedatadagen.no\/2026\/wp-content\/uploads\/sites\/6\/2026\/02\/Valeria-Vitelli-modified-300x300.png 300w, https:\/\/helsedatadagen.no\/2026\/wp-content\/uploads\/sites\/6\/2026\/02\/Valeria-Vitelli-modified-150x150.png 150w, https:\/\/helsedatadagen.no\/2026\/wp-content\/uploads\/sites\/6\/2026\/02\/Valeria-Vitelli-modified-768x768.png 768w, https:\/\/helsedatadagen.no\/2026\/wp-content\/uploads\/sites\/6\/2026\/02\/Valeria-Vitelli-modified-500x500.png 500w\" sizes=\"auto, (max-width: 961px) 100vw, 961px\" \/><\/a>\n\t\t\t\t\t<h3><a href='https:\/\/helsedatadagen.no\/2026\/speaker\/valeria-vitelli\/' title='Valeria Vitelli'>Valeria Vitelli<\/a><\/h3>\n\n","protected":false},"excerpt":{"rendered":"<p>\u00c5rets speakere M\u00f8t \u00e5rets speakere p\u00e5 Helsedatadagen! Obs: Denne dagen er lagt sammen med Helsesikkerhetsdagen, og noen av speakerne f\u00f8res i begge programmene fordi de er p\u00e5 felles sesjoner. Anne-Karin Rime \u00c5slaug Helland Guri R\u00f8rtveit H\u00e5vard Kolle Riis Jan Christian Vestre Helse- og omsorgsminister Jennifer Bartell Jesper Ravn Mikael Rinnetm\u00e4ki Nis Johannsen Oddgeir Lingaas Holmen&hellip;<\/p>\n","protected":false},"author":1,"featured_media":0,"parent":0,"menu_order":0,"comment_status":"closed","ping_status":"closed","template":"","meta":{"_acf_changed":false,"footnotes":""},"class_list":["post-962","page","type-page","status-publish","hentry"],"acf":[],"_links":{"self":[{"href":"https:\/\/helsedatadagen.no\/2026\/wp-json\/wp\/v2\/pages\/962","targetHints":{"allow":["GET"]}}],"collection":[{"href":"https:\/\/helsedatadagen.no\/2026\/wp-json\/wp\/v2\/pages"}],"about":[{"href":"https:\/\/helsedatadagen.no\/2026\/wp-json\/wp\/v2\/types\/page"}],"author":[{"embeddable":true,"href":"https:\/\/helsedatadagen.no\/2026\/wp-json\/wp\/v2\/users\/1"}],"replies":[{"embeddable":true,"href":"https:\/\/helsedatadagen.no\/2026\/wp-json\/wp\/v2\/comments?post=962"}],"version-history":[{"count":4,"href":"https:\/\/helsedatadagen.no\/2026\/wp-json\/wp\/v2\/pages\/962\/revisions"}],"predecessor-version":[{"id":1444,"href":"https:\/\/helsedatadagen.no\/2026\/wp-json\/wp\/v2\/pages\/962\/revisions\/1444"}],"wp:attachment":[{"href":"https:\/\/helsedatadagen.no\/2026\/wp-json\/wp\/v2\/media?parent=962"}],"curies":[{"name":"wp","href":"https:\/\/api.w.org\/{rel}","templated":true}]}}