{"id":945,"date":"2023-12-05T13:22:59","date_gmt":"2023-12-05T12:22:59","guid":{"rendered":"https:\/\/helsedatadagen.no\/2024\/?page_id=945"},"modified":"2026-04-14T10:01:20","modified_gmt":"2026-04-14T08:01:20","slug":"hjem","status":"publish","type":"page","link":"https:\/\/helsedatadagen.no\/2026\/","title":{"rendered":"Hjem"},"content":{"rendered":"\n\n\t<h1><!--\n\t-->Helsedatadagen 2026 &#8211;<!--\t-->Broen mellom helse og teknologi<!--\n\t-->\n\t<\/h1>\n<h3>\n\t\t\t9. april, Oslo Event Hub\t<\/h3>\n\t\t\t<a href=\"https:\/\/helsedatadagen.no\/2026\/program\/\"  target=\"_self\">\n\t\t\t\t\t\tSe program og speakere\n\t\t\t\t\t<\/a>\n\t\t\t<a href=\"https:\/\/ehin.no\/\"  target=\"_blank\" rel=\"noopener\"    rel=\"noopener\">\n\t\t\t\t\t\tTakk for at du deltok &#8211; Vi tar samtalene videre p\u00e5 EHiN\n\t\t\t\t\t<\/a>\n\t\t\t<a href=\"https:\/\/helsesikkerhetsdagen.no\/2026\/\"  target=\"_self\">\n\t\t\t\t\t\t\tHelsesikkerhetsdagen g\u00e5r samtidig samme sted &#8211; Ta en kikk p\u00e5 programmet!\n\t\t\t<\/a>\n\t\t<a href=\"https:\/\/helsedatadagen.no\/2026\/speaker\/aslaug-helland\/\" title=\"View Box Content\" target=\"_self\"  aria-label=\"Post Element\"><\/a>\t\t\n\t\t\t\t\t\t\t\t\t\t\t\t\t\t<a href=\"https:\/\/helsedatadagen.no\/2026\/speaker\/aslaug-helland\/\" target=\"_self\" title=\"\u00c5slaug Helland\">\n\t\t\t\t<img decoding=\"async\" src=\"https:\/\/helsedatadagen.no\/2026\/wp-content\/uploads\/sites\/6\/2026\/02\/Aslaug-Helland.png\" alt=\"\" \/>\n\t\t\t\t<\/a>\n\t\t\t\t\t\t<h3>\n\t\t\t\t<a href=\"https:\/\/helsedatadagen.no\/2026\/speaker\/aslaug-helland\/\" title=\"\u00c5slaug Helland\">\u00c5slaug Helland<\/a>\t\t\t<\/h3>\n\t\t<a href=\"https:\/\/helsedatadagen.no\/2026\/speaker\/christian-hardahl\/\" title=\"View Box Content\" target=\"_self\"  aria-label=\"Post Element\"><\/a>\t\t\n\t\t\t\t\t\t\t\t\t\t\t\t\t\t<a href=\"https:\/\/helsedatadagen.no\/2026\/speaker\/christian-hardahl\/\" target=\"_self\" title=\"Christian Hardahl\">\n\t\t\t\t<img decoding=\"async\" src=\"https:\/\/helsedatadagen.no\/2026\/wp-content\/uploads\/sites\/6\/2026\/03\/christian-hardahl-modified.png\" alt=\"\" \/>\n\t\t\t\t<\/a>\n\t\t\t\t\t\t<h3>\n\t\t\t\t<a href=\"https:\/\/helsedatadagen.no\/2026\/speaker\/christian-hardahl\/\" title=\"Christian Hardahl\">Christian Hardahl<\/a>\t\t\t<\/h3>\n\t\t<a href=\"https:\/\/helsedatadagen.no\/2026\/speaker\/torgeir-waterhouse\/\" title=\"View Box Content\" target=\"_self\"  aria-label=\"Post Element\"><\/a>\t\t\n\t\t\t\t\t\t\t\t\t\t\t\t\t\t<a href=\"https:\/\/helsedatadagen.no\/2026\/speaker\/torgeir-waterhouse\/\" target=\"_self\" title=\"Torgeir Waterhouse\">\n\t\t\t\t<img decoding=\"async\" src=\"https:\/\/helsedatadagen.no\/2026\/wp-content\/uploads\/sites\/6\/2026\/02\/Torgeir-Waterhouse-modified.png\" alt=\"\" \/>\n\t\t\t\t<\/a>\n\t\t\t\t\t\t<h3>\n\t\t\t\t<a href=\"https:\/\/helsedatadagen.no\/2026\/speaker\/torgeir-waterhouse\/\" title=\"Torgeir Waterhouse\">Torgeir Waterhouse<\/a>\t\t\t<\/h3>\n\t\t<a href=\"https:\/\/helsedatadagen.no\/2026\/speaker\/mariann-hornnes\/\" title=\"View Box Content\" target=\"_self\"  aria-label=\"Post Element\"><\/a>\t\t\n\t\t\t\t\t\t\t\t\t\t\t\t\t\t<a href=\"https:\/\/helsedatadagen.no\/2026\/speaker\/mariann-hornnes\/\" target=\"_self\" title=\"Mariann Hornnes\">\n\t\t\t\t<img decoding=\"async\" src=\"https:\/\/helsedatadagen.no\/2026\/wp-content\/uploads\/sites\/6\/2026\/02\/Mariann-Hornnes-2-modified.png\" alt=\"\" \/>\n\t\t\t\t<\/a>\n\t\t\t\t\t\t<h3>\n\t\t\t\t<a href=\"https:\/\/helsedatadagen.no\/2026\/speaker\/mariann-hornnes\/\" title=\"Mariann Hornnes\">Mariann Hornnes<\/a>\t\t\t<\/h3>\n\t\t<a href=\"https:\/\/helsedatadagen.no\/2026\/speaker\/mikael-rinnetmaki\/\" title=\"View Box Content\" target=\"_self\"  aria-label=\"Post Element\"><\/a>\t\t\n\t\t\t\t\t\t\t\t\t\t\t\t\t\t<a href=\"https:\/\/helsedatadagen.no\/2026\/speaker\/mikael-rinnetmaki\/\" target=\"_self\" title=\"Mikael Rinnetm\u00e4ki\">\n\t\t\t\t<img decoding=\"async\" src=\"https:\/\/helsedatadagen.no\/2026\/wp-content\/uploads\/sites\/6\/2026\/02\/Mikael-Rinnetmaki-circle.png\" alt=\"\" \/>\n\t\t\t\t<\/a>\n\t\t\t\t\t\t<h3>\n\t\t\t\t<a href=\"https:\/\/helsedatadagen.no\/2026\/speaker\/mikael-rinnetmaki\/\" title=\"Mikael Rinnetm\u00e4ki\">Mikael Rinnetm\u00e4ki<\/a>\t\t\t<\/h3>\n\t\t<a href=\"https:\/\/helsedatadagen.no\/2026\/speaker\/jan-christian-vestre\/\" title=\"View Box Content\" target=\"_self\"  aria-label=\"Post Element\"><\/a>\t\t\n\t\t\t\t\t\t\t\t\t\t\t\t\t\t<a href=\"https:\/\/helsedatadagen.no\/2026\/speaker\/jan-christian-vestre\/\" target=\"_self\" title=\"Jan Christian Vestre\">\n\t\t\t\t<img decoding=\"async\" src=\"https:\/\/helsedatadagen.no\/2026\/wp-content\/uploads\/sites\/6\/2026\/02\/Jan_Christian_Vestre-circle_smaller.png\" alt=\"\" \/>\n\t\t\t\t<\/a>\n\t\t\t\t\t\t<h3>\n\t\t\t\t<a href=\"https:\/\/helsedatadagen.no\/2026\/speaker\/jan-christian-vestre\/\" title=\"Jan Christian Vestre\">Jan Christian Vestre<\/a>\t\t\t<\/h3>\n\t\t<a href=\"https:\/\/helsedatadagen.no\/2026\/speaker\/johan-gustav-bellika\/\" title=\"View Box Content\" target=\"_self\"  aria-label=\"Post Element\"><\/a>\t\t\n\t\t\t\t\t\t\t\t\t\t\t\t\t\t<a href=\"https:\/\/helsedatadagen.no\/2026\/speaker\/johan-gustav-bellika\/\" target=\"_self\" title=\"Johan Gustav Bellika\">\n\t\t\t\t<img decoding=\"async\" src=\"https:\/\/helsedatadagen.no\/2026\/wp-content\/uploads\/sites\/6\/2026\/03\/Johan-Gustav-Bellika-circle.png\" alt=\"\" \/>\n\t\t\t\t<\/a>\n\t\t\t\t\t\t<h3>\n\t\t\t\t<a href=\"https:\/\/helsedatadagen.no\/2026\/speaker\/johan-gustav-bellika\/\" title=\"Johan Gustav Bellika\">Johan Gustav Bellika<\/a>\t\t\t<\/h3>\n\t\t<a href=\"https:\/\/helsedatadagen.no\/2026\/speaker\/oddgeir-lingaas-holmen\/\" title=\"View Box Content\" target=\"_self\"  aria-label=\"Post Element\"><\/a>\t\t\n\t\t\t\t\t\t\t\t\t\t\t\t\t\t<a href=\"https:\/\/helsedatadagen.no\/2026\/speaker\/oddgeir-lingaas-holmen\/\" target=\"_self\" title=\"Oddgeir Lingaas Holmen\">\n\t\t\t\t<img decoding=\"async\" src=\"https:\/\/helsedatadagen.no\/2026\/wp-content\/uploads\/sites\/6\/2026\/02\/Oddgeir-Lingaas-Holmen-circle.png\" alt=\"\" \/>\n\t\t\t\t<\/a>\n\t\t\t\t\t\t<h3>\n\t\t\t\t<a href=\"https:\/\/helsedatadagen.no\/2026\/speaker\/oddgeir-lingaas-holmen\/\" title=\"Oddgeir Lingaas Holmen\">Oddgeir Lingaas Holmen<\/a>\t\t\t<\/h3>\n\t\t<a href=\"https:\/\/helsedatadagen.no\/2026\/speaker\/nis-johannsen\/\" title=\"View Box Content\" target=\"_self\"  aria-label=\"Post Element\"><\/a>\t\t\n\t\t\t\t\t\t\t\t\t\t\t\t\t\t<a href=\"https:\/\/helsedatadagen.no\/2026\/speaker\/nis-johannsen\/\" target=\"_self\" title=\"Nis Johannsen\">\n\t\t\t\t<img decoding=\"async\" src=\"https:\/\/helsedatadagen.no\/2026\/wp-content\/uploads\/sites\/6\/2026\/02\/Nis-Johannsen-circle.png\" alt=\"\" \/>\n\t\t\t\t<\/a>\n\t\t\t\t\t\t<h3>\n\t\t\t\t<a href=\"https:\/\/helsedatadagen.no\/2026\/speaker\/nis-johannsen\/\" title=\"Nis Johannsen\">Nis Johannsen<\/a>\t\t\t<\/h3>\n\t\t<a href=\"https:\/\/helsedatadagen.no\/2026\/speaker\/havard-kolle-riis\/\" title=\"View Box Content\" target=\"_self\"  aria-label=\"Post Element\"><\/a>\t\t\n\t\t\t\t\t\t\t\t\t\t\t\t\t\t<a href=\"https:\/\/helsedatadagen.no\/2026\/speaker\/havard-kolle-riis\/\" target=\"_self\" title=\"H\u00e5vard Kolle Riis\">\n\t\t\t\t<img decoding=\"async\" src=\"https:\/\/helsedatadagen.no\/2026\/wp-content\/uploads\/sites\/6\/2026\/02\/Havard-Kolle-Riis-4-1.png\" alt=\"\" \/>\n\t\t\t\t<\/a>\n\t\t\t\t\t\t<h3>\n\t\t\t\t<a href=\"https:\/\/helsedatadagen.no\/2026\/speaker\/havard-kolle-riis\/\" title=\"H\u00e5vard Kolle Riis\">H\u00e5vard Kolle Riis<\/a>\t\t\t<\/h3>\n\t\t<a href=\"https:\/\/helsedatadagen.no\/2026\/speaker\/valeria-vitelli\/\" title=\"View Box Content\" target=\"_self\"  aria-label=\"Post Element\"><\/a>\t\t\n\t\t\t\t\t\t\t\t\t\t\t\t\t\t<a href=\"https:\/\/helsedatadagen.no\/2026\/speaker\/valeria-vitelli\/\" target=\"_self\" title=\"Valeria Vitelli\">\n\t\t\t\t<img decoding=\"async\" src=\"https:\/\/helsedatadagen.no\/2026\/wp-content\/uploads\/sites\/6\/2026\/02\/Valeria-Vitelli-modified.png\" alt=\"\" \/>\n\t\t\t\t<\/a>\n\t\t\t\t\t\t<h3>\n\t\t\t\t<a href=\"https:\/\/helsedatadagen.no\/2026\/speaker\/valeria-vitelli\/\" title=\"Valeria Vitelli\">Valeria Vitelli<\/a>\t\t\t<\/h3>\n\t\t<a href=\"https:\/\/helsedatadagen.no\/2026\/speaker\/anne-karin-rime\/\" title=\"View Box Content\" target=\"_self\"  aria-label=\"Post Element\"><\/a>\t\t\n\t\t\t\t\t\t\t\t\t\t\t\t\t\t<a href=\"https:\/\/helsedatadagen.no\/2026\/speaker\/anne-karin-rime\/\" target=\"_self\" title=\"Anne-Karin Rime\">\n\t\t\t\t<img decoding=\"async\" src=\"https:\/\/helsedatadagen.no\/2026\/wp-content\/uploads\/sites\/6\/2026\/02\/Anne-Karin-Rime-1-modified.png\" alt=\"\" \/>\n\t\t\t\t<\/a>\n\t\t\t\t\t\t<h3>\n\t\t\t\t<a href=\"https:\/\/helsedatadagen.no\/2026\/speaker\/anne-karin-rime\/\" title=\"Anne-Karin Rime\">Anne-Karin Rime<\/a>\t\t\t<\/h3>\n<figure itemscope itemtype=\"https:\/\/schema.org\/ImageObject\">\n\t\t\t\t<img decoding=\"async\" src=\"https:\/\/helsedatadagen.no\/2026\/wp-content\/uploads\/sites\/6\/2026\/02\/Jan_Christian_Vestre_utenbakgrunn.png\" alt=\"Jan_Christian_Vestre_utenbakgrunn\" height=\"500\" width=\"500\" title=\"Jan_Christian_Vestre_utenbakgrunn\" onerror=\"this.style.display='none'\" loading=\"lazy\" \/>\n\t\t\t\t\t\t\n\t<\/figure>\n\t<h2>&laquo;Vi lever i en urolig og usikker tid. Det er vanskelig \u00e5 se for seg store kriser uten betydning for helse.&raquo;<\/h2>\n<em><strong>Jan Christian Vestre<\/strong><br \/>\nHelse- og omsorgsminister\n<p><\/p><\/em>\n<h1>\n\t\t\tHvorfor delta p\u00e5 Helsedatadagen 2026?\t<\/h1>\n\t<p>For fjerde gang samler EHiN bransjen for <strong>\u00e5 diskutere helsedata<\/strong>.<\/p>\n<p>Bruk av (helse)data akselererer i KI-tidsalderen &#8211; og vi trenger mer kunnskap om hvordan dataene kan brukes p\u00e5 en forsvarlig m\u00e5te, uten \u00e5 stenge for fremtidig innovasjon. EHiN organiserer for femte \u00e5r p\u00e5 rad Helsedatadagen, tirsdag 9. april p\u00e5 Oslo Event Hub.<\/p>\n<p>&nbsp;<\/p>\n\t<h2>&laquo;Jeg er opptatt av at de gode helsedataene vi har i Norge i st\u00f8rre grad skal komme i bruk.&raquo;<\/h2>\n<p><em><strong>Guri R\u00f8rtveit<\/strong><\/em><br \/><em>Direkt\u00f8r i Folkehelseinstituttet<\/em><\/p>\n<figure itemscope itemtype=\"https:\/\/schema.org\/ImageObject\">\n\t\t\t\t<a href=\"https:\/\/ehin.no\/artikler\/guri-rortveit-styrking-av-norsk-helsedata\/\"  target=\"_self\" itemprop=\"url\">\n\t\t\t\t<img decoding=\"async\" src=\"https:\/\/helsedatadagen.no\/2024\/wp-content\/uploads\/sites\/4\/2024\/03\/Guri_Rortveit_-_Foto_Amanda_Schei-removebg-preview-1.png\" alt=\"Guri R\u00f8rtveit - Foto: Amanda Schei\" title=\"Guri_R\u00f8rtveit_-_Foto_Amanda_Schei\" onerror=\"this.style.display='none'\" loading=\"lazy\" \/>\n\t\t\t\t<\/a>\n\t\t\t\t\t\t<figcaption>Guri R\u00f8rtveit &#8211; Foto: Amanda Schei<\/figcaption>\n\t<\/figure>\n<h1>\n\t\t\tEn m\u00f8teplass for kunnskap og samtale\t<\/h1>\n\t<p>Helsedata er essensielt for fremtidens helsevesen, men bruk og utvinning har vist seg \u00e5 v\u00e6re utfordrende. Vi st\u00e5r overfor regulatoriske hindringer samtidig som teknologier stadig blir mer banebrytende. Hvordan skal Norge navigere i dette landskapet, kontrollere v\u00e5re helsedata samtidig som vi omfavner den teknologiske helserevolusjonen?<\/p>\n<p>Helsedatadagen gir anledning til \u00e5:<\/p>\n<ul>\n<li>Utforske mulighetene innen helsedata, interoperabilitet og kunstig intelligens<\/li>\n<li>Helsedata knyttet til nordisk samarbeid for \u00e5 styrke v\u00e5r posisjon i den digitale helsen\u00e6ringen<\/li>\n<li>L\u00e6re av spennende faglige innlegg og panelsamtaler fra b\u00e5de offentlig sektor og privat n\u00e6ringsliv<\/li>\n<\/ul>\n<p>&nbsp;<\/p>\n\t\t\t<a href=\"https:\/\/helsedatadagen.no\/2026\/billetter\/\"  target=\"_blank\" rel=\"noopener\"    rel=\"noopener\">\n\t\t\t\t\t\tMeld deg p\u00e5 her\n\t\t\t\t\t<\/a>\n<h1>\n\t\t\t\u00c5rets partnere p\u00e5:\t<\/h1>\n\t<p><a href=\"https:\/\/helsesikkerhetsdagen.no\/2026\/\" target=\"_blank\" rel=\"noopener\">Helsesikkerhetsdagen<\/a> &amp; <a href=\"https:\/\/helsedatadagen.no\/2026\/\">Helsedatadagen<\/a><\/p>\n\t\t\t<a href=\"https:\/\/helsedatadagen.no\/2026\/bli-partner\/\"  target=\"_self\">\n\t\t\t\t\t\t\tBli partner\n\t\t\t<\/a>\n\t\t<a href=\"https:\/\/helsedatadagen.no\/2026\/sponsor\/crayon\/\" title=\"View Box Content\" target=\"_self\"  aria-label=\"Post Element\"><\/a>\t\t\n\t<meta itemscope itemprop=\"mainEntityOfPage\" itemtype=\"https:\/\/schema.org\/WebPage\" itemid=\"https:\/\/helsedatadagen.no\/2026\/sponsor\/crayon\/\" content=\"Crayon\" \/><meta itemprop=\"datePublished\" content=\"2026-03-09\" \/><meta itemprop=\"dateModified\" content=\"2026-03-09\" \/><meta itemprop=\"name\" content=\"Helsedatadagen 2026\"\/><meta itemprop=\"url\" content=\"https:\/\/helsedatadagen.no\/2026\/author\/christian\/\" \/><meta itemprop=\"name\" content=\"Christian Andersen\" \/><meta itemprop=\"url\" content=\"https:\/\/helsedatadagen.no\/2026\/wp-content\/uploads\/sites\/6\/2026\/03\/Crayon.png\" \/><meta itemprop=\"width\" content=\"1920\" \/><meta itemprop=\"height\" content=\"1080\" \/><meta itemprop=\"interactionType\" content=\"https:\/\/schema.org\/CommentAction\" \/><meta itemprop=\"userInteractionCount\" content=\"0\" \/>\n    \t\t\t\t\t\t<a href='https:\/\/helsedatadagen.no\/2026\/sponsor\/crayon\/' title='Crayon'><img width=\"1024\" height=\"576\" src=\"https:\/\/helsedatadagen.no\/2026\/wp-content\/uploads\/sites\/6\/2026\/03\/Crayon-1024x576.png\" alt=\"\" itemprop=\"image\" decoding=\"async\" loading=\"lazy\" srcset=\"https:\/\/helsedatadagen.no\/2026\/wp-content\/uploads\/sites\/6\/2026\/03\/Crayon-1024x576.png 1024w, https:\/\/helsedatadagen.no\/2026\/wp-content\/uploads\/sites\/6\/2026\/03\/Crayon-300x169.png 300w, https:\/\/helsedatadagen.no\/2026\/wp-content\/uploads\/sites\/6\/2026\/03\/Crayon-768x432.png 768w, https:\/\/helsedatadagen.no\/2026\/wp-content\/uploads\/sites\/6\/2026\/03\/Crayon-1536x864.png 1536w, https:\/\/helsedatadagen.no\/2026\/wp-content\/uploads\/sites\/6\/2026\/03\/Crayon.png 1920w\" sizes=\"auto, (max-width: 1024px) 100vw, 1024px\" \/><\/a>\n\t\t<a href=\"https:\/\/helsedatadagen.no\/2026\/sponsor\/experis\/\" title=\"View Box Content\" target=\"_self\"  aria-label=\"Post Element\"><\/a>\t\t\n\t<meta itemscope itemprop=\"mainEntityOfPage\" itemtype=\"https:\/\/schema.org\/WebPage\" itemid=\"https:\/\/helsedatadagen.no\/2026\/sponsor\/experis\/\" content=\"Experis\" \/><meta itemprop=\"datePublished\" content=\"2026-03-09\" \/><meta itemprop=\"dateModified\" content=\"2026-03-09\" \/><meta itemprop=\"name\" content=\"Helsedatadagen 2026\"\/><meta itemprop=\"url\" content=\"https:\/\/helsedatadagen.no\/2026\/author\/christian\/\" \/><meta itemprop=\"name\" content=\"Christian Andersen\" \/><meta itemprop=\"url\" content=\"https:\/\/helsedatadagen.no\/2026\/wp-content\/uploads\/sites\/6\/2026\/03\/Experis.png\" \/><meta itemprop=\"width\" content=\"1920\" \/><meta itemprop=\"height\" content=\"1080\" \/><meta itemprop=\"interactionType\" content=\"https:\/\/schema.org\/CommentAction\" \/><meta itemprop=\"userInteractionCount\" content=\"0\" \/>\n    \t\t\t\t\t\t<a href='https:\/\/helsedatadagen.no\/2026\/sponsor\/experis\/' title='Experis'><img width=\"1024\" height=\"576\" src=\"https:\/\/helsedatadagen.no\/2026\/wp-content\/uploads\/sites\/6\/2026\/03\/Experis-1024x576.png\" alt=\"\" itemprop=\"image\" decoding=\"async\" loading=\"lazy\" srcset=\"https:\/\/helsedatadagen.no\/2026\/wp-content\/uploads\/sites\/6\/2026\/03\/Experis-1024x576.png 1024w, https:\/\/helsedatadagen.no\/2026\/wp-content\/uploads\/sites\/6\/2026\/03\/Experis-300x169.png 300w, https:\/\/helsedatadagen.no\/2026\/wp-content\/uploads\/sites\/6\/2026\/03\/Experis-768x432.png 768w, https:\/\/helsedatadagen.no\/2026\/wp-content\/uploads\/sites\/6\/2026\/03\/Experis-1536x864.png 1536w, https:\/\/helsedatadagen.no\/2026\/wp-content\/uploads\/sites\/6\/2026\/03\/Experis.png 1920w\" sizes=\"auto, (max-width: 1024px) 100vw, 1024px\" \/><\/a>\n\t\t<a href=\"https:\/\/helsedatadagen.no\/2026\/sponsor\/keepit\/\" title=\"View Box Content\" target=\"_self\"  aria-label=\"Post Element\"><\/a>\t\t\n\t<meta itemscope itemprop=\"mainEntityOfPage\" itemtype=\"https:\/\/schema.org\/WebPage\" itemid=\"https:\/\/helsedatadagen.no\/2026\/sponsor\/keepit\/\" content=\"Keepit\" \/><meta itemprop=\"datePublished\" content=\"2026-03-19\" \/><meta itemprop=\"dateModified\" content=\"2026-03-19\" \/><meta itemprop=\"name\" content=\"Helsedatadagen 2026\"\/><meta itemprop=\"url\" content=\"https:\/\/helsedatadagen.no\/2026\/author\/christian\/\" \/><meta itemprop=\"name\" content=\"Christian Andersen\" \/><meta itemprop=\"url\" content=\"https:\/\/helsedatadagen.no\/2026\/wp-content\/uploads\/sites\/6\/2026\/03\/Keepit.png\" \/><meta itemprop=\"width\" content=\"1920\" \/><meta itemprop=\"height\" content=\"1080\" \/><meta itemprop=\"interactionType\" content=\"https:\/\/schema.org\/CommentAction\" \/><meta itemprop=\"userInteractionCount\" content=\"0\" \/>\n    \t\t\t\t\t\t<a href='https:\/\/helsedatadagen.no\/2026\/sponsor\/keepit\/' title='Keepit'><img width=\"1024\" height=\"576\" src=\"https:\/\/helsedatadagen.no\/2026\/wp-content\/uploads\/sites\/6\/2026\/03\/Keepit-1024x576.png\" alt=\"\" itemprop=\"image\" decoding=\"async\" loading=\"lazy\" srcset=\"https:\/\/helsedatadagen.no\/2026\/wp-content\/uploads\/sites\/6\/2026\/03\/Keepit-1024x576.png 1024w, https:\/\/helsedatadagen.no\/2026\/wp-content\/uploads\/sites\/6\/2026\/03\/Keepit-300x169.png 300w, https:\/\/helsedatadagen.no\/2026\/wp-content\/uploads\/sites\/6\/2026\/03\/Keepit-768x432.png 768w, https:\/\/helsedatadagen.no\/2026\/wp-content\/uploads\/sites\/6\/2026\/03\/Keepit-1536x864.png 1536w, https:\/\/helsedatadagen.no\/2026\/wp-content\/uploads\/sites\/6\/2026\/03\/Keepit.png 1920w\" sizes=\"auto, (max-width: 1024px) 100vw, 1024px\" \/><\/a>\n\t\t<a href=\"https:\/\/helsedatadagen.no\/2026\/sponsor\/sas-institute\/\" title=\"View Box Content\" target=\"_self\"  aria-label=\"Post Element\"><\/a>\t\t\n\t<meta itemscope itemprop=\"mainEntityOfPage\" itemtype=\"https:\/\/schema.org\/WebPage\" itemid=\"https:\/\/helsedatadagen.no\/2026\/sponsor\/sas-institute\/\" content=\"SAS Institute\" \/><meta itemprop=\"datePublished\" content=\"2026-03-09\" \/><meta itemprop=\"dateModified\" content=\"2026-03-11\" \/><meta itemprop=\"name\" content=\"Helsedatadagen 2026\"\/><meta itemprop=\"url\" content=\"https:\/\/helsedatadagen.no\/2026\/author\/christian\/\" \/><meta itemprop=\"name\" content=\"Christian Andersen\" \/><meta itemprop=\"url\" content=\"https:\/\/helsedatadagen.no\/2026\/wp-content\/uploads\/sites\/6\/2026\/03\/SAS-Institute.png\" \/><meta itemprop=\"width\" content=\"1920\" \/><meta itemprop=\"height\" content=\"1080\" \/><meta itemprop=\"interactionType\" content=\"https:\/\/schema.org\/CommentAction\" \/><meta itemprop=\"userInteractionCount\" content=\"0\" \/>\n    \t\t\t\t\t\t<a href='https:\/\/helsedatadagen.no\/2026\/sponsor\/sas-institute\/' title='SAS Institute'><img width=\"1024\" height=\"576\" src=\"https:\/\/helsedatadagen.no\/2026\/wp-content\/uploads\/sites\/6\/2026\/03\/SAS-Institute-1024x576.png\" alt=\"\" itemprop=\"image\" decoding=\"async\" loading=\"lazy\" srcset=\"https:\/\/helsedatadagen.no\/2026\/wp-content\/uploads\/sites\/6\/2026\/03\/SAS-Institute-1024x576.png 1024w, https:\/\/helsedatadagen.no\/2026\/wp-content\/uploads\/sites\/6\/2026\/03\/SAS-Institute-300x169.png 300w, https:\/\/helsedatadagen.no\/2026\/wp-content\/uploads\/sites\/6\/2026\/03\/SAS-Institute-768x432.png 768w, https:\/\/helsedatadagen.no\/2026\/wp-content\/uploads\/sites\/6\/2026\/03\/SAS-Institute-1536x864.png 1536w, https:\/\/helsedatadagen.no\/2026\/wp-content\/uploads\/sites\/6\/2026\/03\/SAS-Institute.png 1920w\" sizes=\"auto, (max-width: 1024px) 100vw, 1024px\" \/><\/a>\n\t\t<a href=\"https:\/\/helsedatadagen.no\/2026\/sponsor\/telenor-cyberdefence\/\" title=\"View Box Content\" target=\"_self\"  aria-label=\"Post Element\"><\/a>\t\t\n\t<meta itemscope itemprop=\"mainEntityOfPage\" itemtype=\"https:\/\/schema.org\/WebPage\" itemid=\"https:\/\/helsedatadagen.no\/2026\/sponsor\/telenor-cyberdefence\/\" content=\"Telenor CyberDefence\" \/><meta itemprop=\"datePublished\" content=\"2026-03-09\" \/><meta itemprop=\"dateModified\" content=\"2026-03-09\" \/><meta itemprop=\"name\" content=\"Helsedatadagen 2026\"\/><meta itemprop=\"url\" content=\"https:\/\/helsedatadagen.no\/2026\/author\/christian\/\" \/><meta itemprop=\"name\" content=\"Christian Andersen\" \/><meta itemprop=\"url\" content=\"https:\/\/helsedatadagen.no\/2026\/wp-content\/uploads\/sites\/6\/2026\/03\/Telenor-CyberDefence.png\" \/><meta itemprop=\"width\" content=\"1920\" \/><meta itemprop=\"height\" content=\"1080\" \/><meta itemprop=\"interactionType\" content=\"https:\/\/schema.org\/CommentAction\" \/><meta itemprop=\"userInteractionCount\" content=\"0\" \/>\n    \t\t\t\t\t\t<a href='https:\/\/helsedatadagen.no\/2026\/sponsor\/telenor-cyberdefence\/' title='Telenor CyberDefence'><img width=\"1024\" height=\"576\" src=\"https:\/\/helsedatadagen.no\/2026\/wp-content\/uploads\/sites\/6\/2026\/03\/Telenor-CyberDefence-1024x576.png\" alt=\"\" itemprop=\"image\" decoding=\"async\" loading=\"lazy\" srcset=\"https:\/\/helsedatadagen.no\/2026\/wp-content\/uploads\/sites\/6\/2026\/03\/Telenor-CyberDefence-1024x576.png 1024w, https:\/\/helsedatadagen.no\/2026\/wp-content\/uploads\/sites\/6\/2026\/03\/Telenor-CyberDefence-300x169.png 300w, https:\/\/helsedatadagen.no\/2026\/wp-content\/uploads\/sites\/6\/2026\/03\/Telenor-CyberDefence-768x432.png 768w, https:\/\/helsedatadagen.no\/2026\/wp-content\/uploads\/sites\/6\/2026\/03\/Telenor-CyberDefence-1536x864.png 1536w, https:\/\/helsedatadagen.no\/2026\/wp-content\/uploads\/sites\/6\/2026\/03\/Telenor-CyberDefence.png 1920w\" sizes=\"auto, (max-width: 1024px) 100vw, 1024px\" \/><\/a>\n\t\t<a href=\"https:\/\/helsedatadagen.no\/2026\/sponsor\/trend-micro\/\" title=\"View Box Content\" target=\"_self\"  aria-label=\"Post Element\"><\/a>\t\t\n\t<meta itemscope itemprop=\"mainEntityOfPage\" itemtype=\"https:\/\/schema.org\/WebPage\" itemid=\"https:\/\/helsedatadagen.no\/2026\/sponsor\/trend-micro\/\" content=\"Trend Micro\" \/><meta itemprop=\"datePublished\" content=\"2026-03-09\" \/><meta itemprop=\"dateModified\" content=\"2026-03-20\" \/><meta itemprop=\"name\" content=\"Helsedatadagen 2026\"\/><meta itemprop=\"url\" content=\"https:\/\/helsedatadagen.no\/2026\/author\/christian\/\" \/><meta itemprop=\"name\" content=\"Christian Andersen\" \/><meta itemprop=\"url\" content=\"https:\/\/helsedatadagen.no\/2026\/wp-content\/uploads\/sites\/6\/2026\/03\/Trend-AI.png\" \/><meta itemprop=\"width\" content=\"294\" \/><meta itemprop=\"height\" content=\"166\" \/><meta itemprop=\"interactionType\" content=\"https:\/\/schema.org\/CommentAction\" \/><meta itemprop=\"userInteractionCount\" content=\"0\" \/>\n    \t\t\t\t\t\t<a href='https:\/\/helsedatadagen.no\/2026\/sponsor\/trend-micro\/' title='Trend Micro'><img width=\"294\" height=\"166\" src=\"https:\/\/helsedatadagen.no\/2026\/wp-content\/uploads\/sites\/6\/2026\/03\/Trend-AI.png\" alt=\"\" itemprop=\"image\" decoding=\"async\" loading=\"lazy\" \/><\/a>\n\n","protected":false},"excerpt":{"rendered":"<p>Helsedatadagen 2026 &#8211;Broen mellom helse og teknologi 9. april, Oslo Event Hub Se program og speakere Takk for at du deltok &#8211; Vi tar samtalene videre p\u00e5 EHiN Helsesikkerhetsdagen g\u00e5r samtidig samme sted &#8211; Ta en kikk p\u00e5 programmet! \u00c5slaug Helland Christian Hardahl Torgeir Waterhouse Mariann Hornnes Mikael Rinnetm\u00e4ki Jan Christian Vestre Johan Gustav Bellika&hellip;<\/p>\n","protected":false},"author":1,"featured_media":0,"parent":0,"menu_order":0,"comment_status":"closed","ping_status":"closed","template":"","meta":{"_acf_changed":false,"footnotes":""},"class_list":["post-945","page","type-page","status-publish","hentry"],"acf":[],"_links":{"self":[{"href":"https:\/\/helsedatadagen.no\/2026\/wp-json\/wp\/v2\/pages\/945","targetHints":{"allow":["GET"]}}],"collection":[{"href":"https:\/\/helsedatadagen.no\/2026\/wp-json\/wp\/v2\/pages"}],"about":[{"href":"https:\/\/helsedatadagen.no\/2026\/wp-json\/wp\/v2\/types\/page"}],"author":[{"embeddable":true,"href":"https:\/\/helsedatadagen.no\/2026\/wp-json\/wp\/v2\/users\/1"}],"replies":[{"embeddable":true,"href":"https:\/\/helsedatadagen.no\/2026\/wp-json\/wp\/v2\/comments?post=945"}],"version-history":[{"count":23,"href":"https:\/\/helsedatadagen.no\/2026\/wp-json\/wp\/v2\/pages\/945\/revisions"}],"predecessor-version":[{"id":1514,"href":"https:\/\/helsedatadagen.no\/2026\/wp-json\/wp\/v2\/pages\/945\/revisions\/1514"}],"wp:attachment":[{"href":"https:\/\/helsedatadagen.no\/2026\/wp-json\/wp\/v2\/media?parent=945"}],"curies":[{"name":"wp","href":"https:\/\/api.w.org\/{rel}","templated":true}]}}